{"id":701,"date":"2024-04-15T12:01:28","date_gmt":"2024-04-15T10:01:28","guid":{"rendered":"https:\/\/opieka.plus\/?page_id=701"},"modified":"2024-05-10T12:50:37","modified_gmt":"2024-05-10T10:50:37","slug":"dzienny-dom-opieki","status":"publish","type":"page","link":"https:\/\/opieka.plus\/en\/dzienny-dom-opieki\/","title":{"rendered":"Dzienny Dom Pobytu"},"content":{"rendered":"<div class=\"wp-block-cover alignfull has-background-dim-70 has-background-dim has-background-gradient mt-minus\" style=\"min-height:505px\"><span aria-hidden=\"true\" class=\"wp-block-cover__gradient-background\" style=\"background:linear-gradient(135deg,rgb(255,255,255) 0%,rgba(255,255,255,0) 100%)\"><\/span><img loading=\"lazy\" width=\"2560\" height=\"1708\" class=\"wp-block-cover__image-background wp-image-726\" alt=\"\" src=\"https:\/\/opieka.plus\/wp-content\/uploads\/2024\/04\/people-playing-bingo-together-min-scaled.jpg\" style=\"object-position:54% 22%\" data-object-fit=\"cover\" data-object-position=\"54% 22%\" srcset=\"https:\/\/opieka.plus\/wp-content\/uploads\/2024\/04\/people-playing-bingo-together-min-scaled.jpg 2560w, https:\/\/opieka.plus\/wp-content\/uploads\/2024\/04\/people-playing-bingo-together-min-300x200.jpg 300w, https:\/\/opieka.plus\/wp-content\/uploads\/2024\/04\/people-playing-bingo-together-min-1024x683.jpg 1024w, https:\/\/opieka.plus\/wp-content\/uploads\/2024\/04\/people-playing-bingo-together-min-768x512.jpg 768w, https:\/\/opieka.plus\/wp-content\/uploads\/2024\/04\/people-playing-bingo-together-min-1536x1025.jpg 1536w, https:\/\/opieka.plus\/wp-content\/uploads\/2024\/04\/people-playing-bingo-together-min-2048x1366.jpg 2048w, https:\/\/opieka.plus\/wp-content\/uploads\/2024\/04\/people-playing-bingo-together-min-18x12.jpg 18w\" sizes=\"(max-width: 2560px) 100vw, 2560px\" \/><div class=\"wp-block-cover__inner-container\">\n<div class=\"wp-block-columns\">\n<div class=\"wp-block-column has-theme-palette-4-color has-text-color\">\n<h1 class=\"has-theme-palette-4-color has-text-color\">Dzienny Dom Pobytu<\/h1>\n\n\n\n<p><\/p>\n<\/div>\n\n\n\n<div class=\"wp-block-column\"><\/div>\n<\/div>\n<\/div><\/div>\n\n\n\n<div style=\"height:45px\" aria-hidden=\"true\" class=\"wp-block-spacer\"><\/div>\n\n\n\n<div class=\"wp-block-columns\">\n<div class=\"wp-block-column\">\n<figure class=\"wp-block-image size-large\"><img loading=\"lazy\" width=\"1024\" height=\"314\" src=\"https:\/\/opieka.plus\/wp-content\/uploads\/2024\/04\/logo_25lat_mazowsze_poziom-1024x314.png\" alt=\"\" class=\"wp-image-732\" srcset=\"https:\/\/opieka.plus\/wp-content\/uploads\/2024\/04\/logo_25lat_mazowsze_poziom-1024x314.png 1024w, https:\/\/opieka.plus\/wp-content\/uploads\/2024\/04\/logo_25lat_mazowsze_poziom-300x92.png 300w, https:\/\/opieka.plus\/wp-content\/uploads\/2024\/04\/logo_25lat_mazowsze_poziom-768x235.png 768w, https:\/\/opieka.plus\/wp-content\/uploads\/2024\/04\/logo_25lat_mazowsze_poziom-1536x470.png 1536w, https:\/\/opieka.plus\/wp-content\/uploads\/2024\/04\/logo_25lat_mazowsze_poziom-18x6.png 18w, https:\/\/opieka.plus\/wp-content\/uploads\/2024\/04\/logo_25lat_mazowsze_poziom.png 2048w\" sizes=\"(max-width: 1024px) 100vw, 1024px\" \/><\/figure>\n<\/div>\n\n\n\n<div class=\"wp-block-column\">\n<figure class=\"wp-block-image size-full is-resized\"><img loading=\"lazy\" src=\"https:\/\/opieka.plus\/wp-content\/uploads\/2024\/04\/organ-mazowsze.png\" alt=\"\" class=\"wp-image-733\" width=\"323\" height=\"130\" srcset=\"https:\/\/opieka.plus\/wp-content\/uploads\/2024\/04\/organ-mazowsze.png 940w, https:\/\/opieka.plus\/wp-content\/uploads\/2024\/04\/organ-mazowsze-300x121.png 300w, https:\/\/opieka.plus\/wp-content\/uploads\/2024\/04\/organ-mazowsze-768x310.png 768w, https:\/\/opieka.plus\/wp-content\/uploads\/2024\/04\/organ-mazowsze-18x7.png 18w\" sizes=\"(max-width: 323px) 100vw, 323px\" \/><\/figure>\n<\/div>\n\n\n\n<div class=\"wp-block-column\">\n<figure class=\"wp-block-image size-large is-resized\"><img loading=\"lazy\" src=\"https:\/\/opieka.plus\/wp-content\/uploads\/2024\/04\/logo-rozszerzone-mcps-gradient-biale-tlo-01-1024x266.png\" alt=\"\" class=\"wp-image-731\" width=\"326\" height=\"84\" srcset=\"https:\/\/opieka.plus\/wp-content\/uploads\/2024\/04\/logo-rozszerzone-mcps-gradient-biale-tlo-01-1024x266.png 1024w, https:\/\/opieka.plus\/wp-content\/uploads\/2024\/04\/logo-rozszerzone-mcps-gradient-biale-tlo-01-300x78.png 300w, https:\/\/opieka.plus\/wp-content\/uploads\/2024\/04\/logo-rozszerzone-mcps-gradient-biale-tlo-01-768x200.png 768w, https:\/\/opieka.plus\/wp-content\/uploads\/2024\/04\/logo-rozszerzone-mcps-gradient-biale-tlo-01-1536x399.png 1536w, https:\/\/opieka.plus\/wp-content\/uploads\/2024\/04\/logo-rozszerzone-mcps-gradient-biale-tlo-01-18x5.png 18w, https:\/\/opieka.plus\/wp-content\/uploads\/2024\/04\/logo-rozszerzone-mcps-gradient-biale-tlo-01.png 1920w\" sizes=\"(max-width: 326px) 100vw, 326px\" \/><\/figure>\n<\/div>\n<\/div>\n\n\n\n<p class=\"has-medium-font-size\"><strong>Fundacja<\/strong>&nbsp;<strong>Opieka Plus<\/strong>&nbsp;realizuje zadanie publiczne \u201eUtworzenie nowych dziennych dom\u00f3w pobytu dla os\u00f3b starszych z chorobami ot\u0119piennymi, w tym z chorob\u0105 Alzheimera<strong>&nbsp; <\/strong>pod tytu\u0142em <strong>&nbsp;\u201eDzienny Dom Pobytu Obok Lasu\u201d.<\/strong><\/p>\n\n\n\n<p class=\"has-text-align-center\">\u201e<strong>Zadanie publiczne dofinansowane ze \u015brodk\u00f3w z bud\u017cetu Wojew\u00f3dztwa Mazowieckiego<\/strong>\u201e<\/p>\n\n\n\n<hr class=\"wp-block-separator has-text-color has-background has-theme-palette-6-background-color has-theme-palette-6-color is-style-wide\"\/>\n\n\n\n<div style=\"height:15px\" aria-hidden=\"true\" class=\"wp-block-spacer\"><\/div>\n\n\n\n<div class=\"wp-block-columns\">\n<div class=\"wp-block-column\">\n<p>Projekt skierowany jest do os\u00f3b cierpi\u0105cych z powodu zespo\u0142u ot\u0119piennego w tym &nbsp;w przebiegu choroby Alzheimera, we wczesnym etapie choroby. Jest on przeznaczony dla mieszka\u0144c\u00f3w wojew\u00f3dztwa mazowieckiego w szczeg\u00f3lno\u015bci powiatu mi\u0144skiego.<\/p>\n\n\n\n<p>Celem dzia\u0142alno\u015bci Dziennego Domu Pobytu jest jak najszersze <strong>wsparcie os\u00f3b chorych<\/strong> oraz ich <strong>rodzin i opiekun\u00f3w<\/strong> poprzez dzia\u0142ania terapeutyczne umo\u017cliwiaj\u0105ce popraw\u0119 samopoczucia i samodzielnego funkcjonowania w \u017cyciu codziennym, przeciwdzia\u0142anie marginalizacji chorych i ich wykluczeniu spo\u0142ecznemu.<\/p>\n\n\n\n<p>Projekt jest realizowany od 01.04.2024 r. do 30.11.2026 r. na terenie o\u015brodka Obok Lasu Sp. z o.o., Gr\u0119biszew, ul. Rozwojowa 79.<\/p>\n<\/div>\n\n\n\n<div class=\"wp-block-column\">\n<figure class=\"wp-block-image size-large is-resized\"><img loading=\"lazy\" src=\"https:\/\/opieka.plus\/wp-content\/uploads\/2024\/04\/medium-shot-people-studying-classroom-min-1024x683.jpg\" alt=\"\" class=\"wp-image-739\" width=\"483\" height=\"321\" srcset=\"https:\/\/opieka.plus\/wp-content\/uploads\/2024\/04\/medium-shot-people-studying-classroom-min-1024x683.jpg 1024w, https:\/\/opieka.plus\/wp-content\/uploads\/2024\/04\/medium-shot-people-studying-classroom-min-300x200.jpg 300w, https:\/\/opieka.plus\/wp-content\/uploads\/2024\/04\/medium-shot-people-studying-classroom-min-768x512.jpg 768w, https:\/\/opieka.plus\/wp-content\/uploads\/2024\/04\/medium-shot-people-studying-classroom-min-1536x1024.jpg 1536w, https:\/\/opieka.plus\/wp-content\/uploads\/2024\/04\/medium-shot-people-studying-classroom-min-2048x1365.jpg 2048w, https:\/\/opieka.plus\/wp-content\/uploads\/2024\/04\/medium-shot-people-studying-classroom-min-18x12.jpg 18w\" sizes=\"(max-width: 483px) 100vw, 483px\" \/><\/figure>\n<\/div>\n<\/div>\n\n\n\n<hr class=\"wp-block-separator has-text-color has-background has-theme-palette-6-background-color has-theme-palette-6-color is-style-wide\"\/>\n\n\n\n<p><strong>&nbsp;Dzienny Dom Pobytu Obok Lasu dzia\u0142a 5 dni w tygodniu (od poniedzia\u0142ku do pi\u0105tku) w godzinach 8:00 \u2013 16:00 i dysponuje miejscami dla 15 uczestnik\u00f3w.<\/strong><\/p>\n\n\n\n<div style=\"height:15px\" aria-hidden=\"true\" class=\"wp-block-spacer\"><\/div>\n\n\n\n<figure class=\"wp-block-image size-large is-resized\"><img loading=\"lazy\" src=\"https:\/\/opieka.plus\/wp-content\/uploads\/2024\/04\/generacyjna-sztuczna-inteligencja-atrakcyjna-dojrzala-kobieta-malujaca-z-kumplami-min-1024x574.jpg\" alt=\"\" class=\"wp-image-741\" width=\"924\" height=\"518\" srcset=\"https:\/\/opieka.plus\/wp-content\/uploads\/2024\/04\/generacyjna-sztuczna-inteligencja-atrakcyjna-dojrzala-kobieta-malujaca-z-kumplami-min-1024x574.jpg 1024w, https:\/\/opieka.plus\/wp-content\/uploads\/2024\/04\/generacyjna-sztuczna-inteligencja-atrakcyjna-dojrzala-kobieta-malujaca-z-kumplami-min-300x168.jpg 300w, https:\/\/opieka.plus\/wp-content\/uploads\/2024\/04\/generacyjna-sztuczna-inteligencja-atrakcyjna-dojrzala-kobieta-malujaca-z-kumplami-min-768x431.jpg 768w, https:\/\/opieka.plus\/wp-content\/uploads\/2024\/04\/generacyjna-sztuczna-inteligencja-atrakcyjna-dojrzala-kobieta-malujaca-z-kumplami-min-1536x861.jpg 1536w, https:\/\/opieka.plus\/wp-content\/uploads\/2024\/04\/generacyjna-sztuczna-inteligencja-atrakcyjna-dojrzala-kobieta-malujaca-z-kumplami-min-2048x1148.jpg 2048w, https:\/\/opieka.plus\/wp-content\/uploads\/2024\/04\/generacyjna-sztuczna-inteligencja-atrakcyjna-dojrzala-kobieta-malujaca-z-kumplami-min-18x10.jpg 18w\" sizes=\"(max-width: 924px) 100vw, 924px\" \/><\/figure>\n\n\n\n<p>DOKUMENTY DO POBRANIA<\/p>\n\n\n\n<p><a href=\"https:\/\/opieka.plus\/wp-content\/uploads\/2024\/04\/1-Regulamin-DDPOL-Z-LOGOTYPAMI_vol1-1.pdf\" target=\"_blank\" rel=\"noreferrer noopener\"><strong>REGULAMIN DZIENNEGO DOMU POBYTU OBOK LASU<\/strong> <\/a>( KLIKNIJ I ZOBACZ )<\/p>\n\n\n\n<p><a href=\"https:\/\/opieka.plus\/wp-content\/uploads\/2024\/04\/Kwestionariusz-zgloszeniowy-1.pdf\" target=\"_blank\" rel=\"noreferrer noopener\"><strong>KWESTIONARIUSZ ZG\u0141OSZENIOWY<\/strong><\/a> (KLIKNIJ I ZOBACZ )<\/p>\n\n\n\n<p><\/p>\n\n\n\n<hr class=\"wp-block-separator has-text-color has-background has-theme-palette-6-background-color has-theme-palette-6-color is-style-wide\"\/>\n\n\n\n<div style=\"height:15px\" aria-hidden=\"true\" class=\"wp-block-spacer\"><\/div>\n\n\n\n<p class=\"has-medium-font-size\">Zapraszamy do udzia\u0142u w zaj\u0119ciach prowadzonych w ramach Dziennego Domu Pobytu \u201eObok Lasu&#8221;<br>Nabory do programu ruszaj\u0105 w maju.<\/p>\n\n\n\n<p>Osoby zainteresowane udzia\u0142em w Dziennym Domu Pobytu prosimy o wype\u0142nienie Kwestionariusza Zg\u0142oszeniowego, podpisanie i przes\u0142anie go na adres email: <strong>fundacja@opieka.plus<\/strong>\u00a0\u00a0lub dostarczenie poczt\u0105 lub osobi\u015bcie do Biura Fundacji,\u00a0kt\u00f3re mie\u015bci si\u0119 w Gr\u0119biszewie, ul. Rozwojowa 79 , tel: 606\u00a0825\u00a0267. Do Kwestionariusza, jako wymagany dokument, nale\u017cy za\u0142\u0105czy\u0107\u00a0 za\u015bwiadczenie od lekarza o zdiagnozowaniu zespo\u0142u ot\u0119piennego, w tym w przebiegu choroby Alzheimera, we wst\u0119pnym jej etapie. Liczy si\u0119 kolejno\u015b\u0107 zg\u0142osze\u0144.<\/p>\n\n\n\n<hr class=\"wp-block-separator has-text-color has-background has-theme-palette-6-background-color has-theme-palette-6-color is-style-wide\"\/>\n\n\n\n<div style=\"height:15px\" aria-hidden=\"true\" class=\"wp-block-spacer\"><\/div>\n\n\n\n<p>Dzienny Dom Pobytu w okresie od maja 2024 roku do listopada 2026 roku b\u0119dzie \u015bwiadczy\u0142 &nbsp;specjalistyczne us\u0142ugi terapeutyczne, opieku\u0144cze i spo\u0142eczne dla os\u00f3b starszych \u017cyj\u0105cych z zespo\u0142ami ot\u0119piennymi w tym w przebiegu choroby Alzheimera (w pierwszej \u0142agodnej fazie choroby).<\/p>\n\n\n\n<p>Uczestnicy projektu w ramach zaj\u0119\u0107 w Dziennym Domu Pobytu otrzymaj\u0105 nast\u0119puj\u0105ce us\u0142ugi:<br>a) terapi\u0119 zaj\u0119ciow\u0105<br>b) trening umiej\u0119tno\u015bci spo\u0142ecznych,<br>c) trening umiej\u0119tno\u015bci codziennych,<br>d) terapi\u0119 ruchem (rehabilitacj\u0119 usprawniaj\u0105c\u0105 ruchowo)<br>e) edukacj\u0119 prozdrowotn\u0105 ( dietetyk )<br>f) wsparcie psychologa,<\/p>\n\n\n\n<hr class=\"wp-block-separator has-text-color has-background has-theme-palette-6-background-color has-theme-palette-6-color is-style-wide\"\/>\n\n\n\n<div style=\"height:15px\" aria-hidden=\"true\" class=\"wp-block-spacer\"><\/div>\n\n\n\n<div class=\"wp-block-columns\">\n<div class=\"wp-block-column\">\n<p>Dzienny Dom Pobytu zapewni wsparcie w zakresie us\u0142ug spo\u0142ecznych umo\u017cliwiaj\u0105cych jak najd\u0142u\u017csze samodzielne funkcjonowanie uczestnika w \u015brodowisku zamieszkania. B\u0119d\u0105 to us\u0142ugi wykonywane przez zesp\u00f3\u0142 wpieraj\u0105co \u2013 aktywizuj\u0105cy, kt\u00f3ry pomaga\u0107 b\u0119dzie w dotarciu os\u00f3b chorych na zaj\u0119cia do DDP oraz pomaga\u0107 b\u0119dzie w za\u0142atwieniu spraw urz\u0119dowych, zdrowotnych itp., co pozwoli na usamodzielnienie si\u0119 osoby chorej oraz odci\u0105\u017cenie opiekuna od trudu codziennej opieki.<\/p>\n\n\n\n<p>W ramach zadania obj\u0119te opiek\u0105 b\u0119d\u0105 r\u00f3wnie\u017c rodziny os\u00f3b choruj\u0105cych na chorob\u0119 Alzheimera \u2013 szczeg\u00f3lnie opiekunowie bezpo\u015bredni. Realizatorzy zadania zapewni\u0105 opiek\u0119 psychologiczn\u0105, oraz szerok\u0105 edukacj\u0119 z zakresu istoty choroby, przebiegu etap\u00f3w choroby oraz zapobieganiu wypaleniu psychicznemu opiekuna.<\/p>\n<\/div>\n\n\n\n<div class=\"wp-block-column\">\n<figure class=\"wp-block-image size-large\"><img loading=\"lazy\" width=\"1024\" height=\"683\" src=\"https:\/\/opieka.plus\/wp-content\/uploads\/2024\/04\/grupa-szczesliwych-dojrzalych-ludzi-opowiadajacych-o-swoich-wspomnieniach-podczas-spotkania-w-domu-skupiamy-sie-na-starszej-parze-z-albumem-ze-zdjeciami-min-1024x683.jpg\" alt=\"\" class=\"wp-image-740\" srcset=\"https:\/\/opieka.plus\/wp-content\/uploads\/2024\/04\/grupa-szczesliwych-dojrzalych-ludzi-opowiadajacych-o-swoich-wspomnieniach-podczas-spotkania-w-domu-skupiamy-sie-na-starszej-parze-z-albumem-ze-zdjeciami-min-1024x683.jpg 1024w, https:\/\/opieka.plus\/wp-content\/uploads\/2024\/04\/grupa-szczesliwych-dojrzalych-ludzi-opowiadajacych-o-swoich-wspomnieniach-podczas-spotkania-w-domu-skupiamy-sie-na-starszej-parze-z-albumem-ze-zdjeciami-min-300x200.jpg 300w, https:\/\/opieka.plus\/wp-content\/uploads\/2024\/04\/grupa-szczesliwych-dojrzalych-ludzi-opowiadajacych-o-swoich-wspomnieniach-podczas-spotkania-w-domu-skupiamy-sie-na-starszej-parze-z-albumem-ze-zdjeciami-min-768x512.jpg 768w, https:\/\/opieka.plus\/wp-content\/uploads\/2024\/04\/grupa-szczesliwych-dojrzalych-ludzi-opowiadajacych-o-swoich-wspomnieniach-podczas-spotkania-w-domu-skupiamy-sie-na-starszej-parze-z-albumem-ze-zdjeciami-min-1536x1024.jpg 1536w, https:\/\/opieka.plus\/wp-content\/uploads\/2024\/04\/grupa-szczesliwych-dojrzalych-ludzi-opowiadajacych-o-swoich-wspomnieniach-podczas-spotkania-w-domu-skupiamy-sie-na-starszej-parze-z-albumem-ze-zdjeciami-min-2048x1365.jpg 2048w, https:\/\/opieka.plus\/wp-content\/uploads\/2024\/04\/grupa-szczesliwych-dojrzalych-ludzi-opowiadajacych-o-swoich-wspomnieniach-podczas-spotkania-w-domu-skupiamy-sie-na-starszej-parze-z-albumem-ze-zdjeciami-min-18x12.jpg 18w\" sizes=\"(max-width: 1024px) 100vw, 1024px\" \/><\/figure>\n<\/div>\n<\/div>\n\n\n\n<p><strong>Uczestnictwo w grupie wsparcia to mo\u017cliwo\u015b\u0107 wymiany do\u015bwiadcze\u0144 z innymi opiekunami. Zapobiega\u0107 to b\u0119dzie r\u00f3wnie\u017c wypaleniu psychicznemu opiekuna.<\/strong><\/p>\n\n\n\n<div class=\"wp-block-columns\">\n<div class=\"wp-block-column\">\n<figure class=\"wp-block-image size-large\"><img loading=\"lazy\" width=\"1024\" height=\"314\" src=\"https:\/\/opieka.plus\/wp-content\/uploads\/2024\/04\/logo_25lat_mazowsze_poziom-1024x314.png\" alt=\"\" class=\"wp-image-732\" srcset=\"https:\/\/opieka.plus\/wp-content\/uploads\/2024\/04\/logo_25lat_mazowsze_poziom-1024x314.png 1024w, https:\/\/opieka.plus\/wp-content\/uploads\/2024\/04\/logo_25lat_mazowsze_poziom-300x92.png 300w, https:\/\/opieka.plus\/wp-content\/uploads\/2024\/04\/logo_25lat_mazowsze_poziom-768x235.png 768w, https:\/\/opieka.plus\/wp-content\/uploads\/2024\/04\/logo_25lat_mazowsze_poziom-1536x470.png 1536w, https:\/\/opieka.plus\/wp-content\/uploads\/2024\/04\/logo_25lat_mazowsze_poziom-18x6.png 18w, https:\/\/opieka.plus\/wp-content\/uploads\/2024\/04\/logo_25lat_mazowsze_poziom.png 2048w\" sizes=\"(max-width: 1024px) 100vw, 1024px\" \/><\/figure>\n<\/div>\n\n\n\n<div class=\"wp-block-column\">\n<figure class=\"wp-block-image size-full is-resized\"><img loading=\"lazy\" src=\"https:\/\/opieka.plus\/wp-content\/uploads\/2024\/04\/organ-mazowsze.png\" alt=\"\" class=\"wp-image-733\" width=\"323\" height=\"130\" srcset=\"https:\/\/opieka.plus\/wp-content\/uploads\/2024\/04\/organ-mazowsze.png 940w, https:\/\/opieka.plus\/wp-content\/uploads\/2024\/04\/organ-mazowsze-300x121.png 300w, https:\/\/opieka.plus\/wp-content\/uploads\/2024\/04\/organ-mazowsze-768x310.png 768w, https:\/\/opieka.plus\/wp-content\/uploads\/2024\/04\/organ-mazowsze-18x7.png 18w\" sizes=\"(max-width: 323px) 100vw, 323px\" \/><\/figure>\n<\/div>\n\n\n\n<div class=\"wp-block-column\">\n<figure class=\"wp-block-image size-large is-resized\"><img loading=\"lazy\" src=\"https:\/\/opieka.plus\/wp-content\/uploads\/2024\/04\/logo-rozszerzone-mcps-gradient-biale-tlo-01-1024x266.png\" alt=\"\" class=\"wp-image-731\" width=\"326\" height=\"84\" srcset=\"https:\/\/opieka.plus\/wp-content\/uploads\/2024\/04\/logo-rozszerzone-mcps-gradient-biale-tlo-01-1024x266.png 1024w, https:\/\/opieka.plus\/wp-content\/uploads\/2024\/04\/logo-rozszerzone-mcps-gradient-biale-tlo-01-300x78.png 300w, https:\/\/opieka.plus\/wp-content\/uploads\/2024\/04\/logo-rozszerzone-mcps-gradient-biale-tlo-01-768x200.png 768w, https:\/\/opieka.plus\/wp-content\/uploads\/2024\/04\/logo-rozszerzone-mcps-gradient-biale-tlo-01-1536x399.png 1536w, https:\/\/opieka.plus\/wp-content\/uploads\/2024\/04\/logo-rozszerzone-mcps-gradient-biale-tlo-01-18x5.png 18w, https:\/\/opieka.plus\/wp-content\/uploads\/2024\/04\/logo-rozszerzone-mcps-gradient-biale-tlo-01.png 1920w\" sizes=\"(max-width: 326px) 100vw, 326px\" \/><\/figure>\n<\/div>\n<\/div>\n\n\n\n<p>#Mazowszepomaga, #MCPSpomaga, #programywsparcia, #solidarno\u015b\u0107mazowiecka, #MCPS<\/p>","protected":false},"excerpt":{"rendered":"<p>Fundacja&nbsp;Opieka Plus&nbsp;realizuje zadanie publiczne \u201eUtworzenie nowych dziennych dom\u00f3w pobytu dla os\u00f3b starszych z chorobami ot\u0119piennymi, w tym z chorob\u0105 Alzheimera&nbsp; pod tytu\u0142em &nbsp;\u201eDzienny Dom Pobytu Obok Lasu\u201d. \u201eZadanie publiczne dofinansowane ze \u015brodk\u00f3w z bud\u017cetu Wojew\u00f3dztwa Mazowieckiego\u201e Projekt skierowany jest do os\u00f3b cierpi\u0105cych z powodu zespo\u0142u ot\u0119piennego w tym &nbsp;w przebiegu choroby Alzheimera, we wczesnym etapie&#8230;<\/p>","protected":false},"author":1,"featured_media":0,"parent":0,"menu_order":0,"comment_status":"closed","ping_status":"closed","template":"","meta":{"ngg_post_thumbnail":0,"_kad_post_transparent":"","_kad_post_title":"","_kad_post_layout":"","_kad_post_sidebar_id":"","_kad_post_content_style":"","_kad_post_vertical_padding":"","_kad_post_feature":"","_kad_post_feature_position":"","_kad_post_header":false,"_kad_post_footer":false},"_links":{"self":[{"href":"https:\/\/opieka.plus\/en\/wp-json\/wp\/v2\/pages\/701"}],"collection":[{"href":"https:\/\/opieka.plus\/en\/wp-json\/wp\/v2\/pages"}],"about":[{"href":"https:\/\/opieka.plus\/en\/wp-json\/wp\/v2\/types\/page"}],"author":[{"embeddable":true,"href":"https:\/\/opieka.plus\/en\/wp-json\/wp\/v2\/users\/1"}],"replies":[{"embeddable":true,"href":"https:\/\/opieka.plus\/en\/wp-json\/wp\/v2\/comments?post=701"}],"version-history":[{"count":42,"href":"https:\/\/opieka.plus\/en\/wp-json\/wp\/v2\/pages\/701\/revisions"}],"predecessor-version":[{"id":824,"href":"https:\/\/opieka.plus\/en\/wp-json\/wp\/v2\/pages\/701\/revisions\/824"}],"wp:attachment":[{"href":"https:\/\/opieka.plus\/en\/wp-json\/wp\/v2\/media?parent=701"}],"curies":[{"name":"wp","href":"https:\/\/api.w.org\/{rel}","templated":true}]}}