{"id":310,"date":"2021-10-11T13:00:02","date_gmt":"2021-10-11T11:00:02","guid":{"rendered":"http:\/\/opieka.plus\/?page_id=310"},"modified":"2023-04-14T12:36:38","modified_gmt":"2023-04-14T10:36:38","slug":"o-nas","status":"publish","type":"page","link":"https:\/\/opieka.plus\/en\/o-nas\/","title":{"rendered":"About Us"},"content":{"rendered":"<div class=\"wp-block-cover alignfull mt-minus\" style=\"min-height:783px\"><img loading=\"lazy\" width=\"2094\" height=\"1008\" class=\"wp-block-cover__image-background wp-image-324\" alt=\"\" src=\"http:\/\/opieka.plus\/wp-content\/uploads\/2021\/10\/Frame-4311.jpg\" data-object-fit=\"cover\" srcset=\"https:\/\/opieka.plus\/wp-content\/uploads\/2021\/10\/Frame-4311.jpg 2094w, https:\/\/opieka.plus\/wp-content\/uploads\/2021\/10\/Frame-4311-300x144.jpg 300w, https:\/\/opieka.plus\/wp-content\/uploads\/2021\/10\/Frame-4311-1024x493.jpg 1024w, https:\/\/opieka.plus\/wp-content\/uploads\/2021\/10\/Frame-4311-768x370.jpg 768w, https:\/\/opieka.plus\/wp-content\/uploads\/2021\/10\/Frame-4311-1536x739.jpg 1536w, https:\/\/opieka.plus\/wp-content\/uploads\/2021\/10\/Frame-4311-2048x986.jpg 2048w\" sizes=\"(max-width: 2094px) 100vw, 2094px\" \/><div class=\"wp-block-cover__inner-container\">\n<div class=\"wp-block-columns\">\n<div class=\"wp-block-column\">\n<h1 class=\"has-black-color has-text-color\">A few words about the foundation<\/h1>\n<\/div>\n\n\n\n<div class=\"wp-block-column\"><\/div>\n<\/div>\n<\/div><\/div>\n\n\n\n<div style=\"height:100px\" aria-hidden=\"true\" class=\"wp-block-spacer\"><\/div>\n\n\n\n<div class=\"wp-block-columns\">\n<div class=\"wp-block-column\">\n<p>Nasza fundacja Opieka Plus skupia si\u0119 na pomocy dla os\u00f3b starszych oraz niepe\u0142nosprawnych, kt\u00f3re cz\u0119sto s\u0105 nara\u017cone na marginalizacj\u0119 i wykluczenie spo\u0142eczne. Oferujemy kompleksow\u0105 opiek\u0119 i wsparcie, aby poprawi\u0107 jako\u015b\u0107 \u017cycia tych grup w Polsce.<\/p>\n\n\n\n<p>Obecnie, w Polsce demografia ulega zmianom i coraz wi\u0119cej os\u00f3b przekracza wiek emerytalny, jednocze\u015bnie zwi\u0119ksza si\u0119 tak\u017ce liczba os\u00f3b z r\u00f3\u017cnymi rodzajami niepe\u0142nosprawno\u015bci. Dlatego tak wa\u017cne jest, aby zapewni\u0107 im odpowiednie wsparcie i opiek\u0119.<\/p>\n\n\n\n<p>Nasi wolontariusze i specjali\u015bci pracuj\u0105 z seniorami oraz osobami niepe\u0142nosprawnymi, oferuj\u0105c im wsparcie emocjonalne i fizyczne, organizuj\u0105c r\u00f3\u017cne zaj\u0119cia i warsztaty, a tak\u017ce pomagaj\u0105c w codziennych czynno\u015bciach. Staramy si\u0119 przeciwdzia\u0142a\u0107 samotno\u015bci i wykluczeniu spo\u0142ecznemu poprzez organizowanie spotka\u0144 integracyjnych, wyjazd\u00f3w i innych aktywno\u015bci.<\/p>\n\n\n\n<p>Jeste\u015bmy przekonani, \u017ce ka\u017cda osoba zas\u0142uguje na szacunek i godn\u0105 opiek\u0119, bez wzgl\u0119du na wiek, kondycj\u0119 zdrowotn\u0105 czy spo\u0142eczne pochodzenie. Nasza fundacja d\u0105\u017cy do tego, aby pom\u00f3c seniorom i osobom niepe\u0142nosprawnym w osi\u0105gni\u0119ciu pe\u0142nej samodzielno\u015bci oraz integracji z reszt\u0105 spo\u0142ecze\u0144stwa.<\/p>\n<\/div>\n\n\n\n<div class=\"wp-block-column\">\n<figure class=\"wp-block-image size-large\"><img loading=\"lazy\" width=\"922\" height=\"1024\" src=\"http:\/\/opieka.plus\/wp-content\/uploads\/2021\/10\/fundacja-opieka-plus-21-922x1024.jpg\" alt=\"\" class=\"wp-image-390\" srcset=\"https:\/\/opieka.plus\/wp-content\/uploads\/2021\/10\/fundacja-opieka-plus-21-922x1024.jpg 922w, https:\/\/opieka.plus\/wp-content\/uploads\/2021\/10\/fundacja-opieka-plus-21-270x300.jpg 270w, https:\/\/opieka.plus\/wp-content\/uploads\/2021\/10\/fundacja-opieka-plus-21-768x853.jpg 768w, https:\/\/opieka.plus\/wp-content\/uploads\/2021\/10\/fundacja-opieka-plus-21.jpg 1033w\" sizes=\"(max-width: 922px) 100vw, 922px\" \/><\/figure>\n<\/div>\n<\/div>\n\n\n\n<div class=\"wp-block-cover alignfull has-custom-content-position is-position-top-center\" style=\"min-height:516px\"><img loading=\"lazy\" width=\"1953\" height=\"931\" class=\"wp-block-cover__image-background wp-image-356\" alt=\"\" src=\"http:\/\/opieka.plus\/wp-content\/uploads\/2021\/10\/obok-lasu-z-lotu-ptaka-411.jpg\" style=\"object-position:52% 4%\" data-object-fit=\"cover\" data-object-position=\"52% 4%\" srcset=\"https:\/\/opieka.plus\/wp-content\/uploads\/2021\/10\/obok-lasu-z-lotu-ptaka-411.jpg 1953w, https:\/\/opieka.plus\/wp-content\/uploads\/2021\/10\/obok-lasu-z-lotu-ptaka-411-300x143.jpg 300w, https:\/\/opieka.plus\/wp-content\/uploads\/2021\/10\/obok-lasu-z-lotu-ptaka-411-1024x488.jpg 1024w, https:\/\/opieka.plus\/wp-content\/uploads\/2021\/10\/obok-lasu-z-lotu-ptaka-411-768x366.jpg 768w, https:\/\/opieka.plus\/wp-content\/uploads\/2021\/10\/obok-lasu-z-lotu-ptaka-411-1536x732.jpg 1536w\" sizes=\"(max-width: 1953px) 100vw, 1953px\" \/><div class=\"wp-block-cover__inner-container\">\n<div class=\"wp-block-columns\">\n<div class=\"wp-block-column contact-wrap\">\n<h2 class=\"has-text-align-center has-black-color has-text-color\">Receive a free <span class=\"green-txt\"> consultation<\/span><\/h2>\n\n\n\n<p class=\"has-text-align-center has-text-color\" style=\"color:#323232\">Leave your name, surname and telephone number and our consultant will contact you to present the offer.<\/p>\n\n\n<div role=\"form\" class=\"wpcf7\" id=\"wpcf7-f350-o1\" lang=\"pl-PL\" dir=\"ltr\">\n<div class=\"screen-reader-response\"><p role=\"status\" aria-live=\"polite\" aria-atomic=\"true\"><\/p> <ul><\/ul><\/div>\n<form action=\"\/en\/wp-json\/wp\/v2\/pages\/310#wpcf7-f350-o1\" method=\"post\" class=\"wpcf7-form init\" novalidate=\"novalidate\" data-status=\"init\" data-trp-original-action=\"\/en\/wp-json\/wp\/v2\/pages\/310#wpcf7-f350-o1\">\n<div style=\"display: none;\">\n<input type=\"hidden\" name=\"_wpcf7\" value=\"350\" \/>\n<input type=\"hidden\" name=\"_wpcf7_version\" value=\"5.5.6\" \/>\n<input type=\"hidden\" name=\"_wpcf7_locale\" value=\"pl_PL\" \/>\n<input type=\"hidden\" name=\"_wpcf7_unit_tag\" value=\"wpcf7-f350-o1\" \/>\n<input type=\"hidden\" name=\"_wpcf7_container_post\" value=\"0\" \/>\n<input type=\"hidden\" name=\"_wpcf7_posted_data_hash\" value=\"\" \/>\n<\/div>\n<div class=\"grid-3\">\n<div>\n<label> Imi\u0119<br \/>\n<span class=\"wpcf7-form-control-wrap your-name\"><input type=\"text\" name=\"your-name\" value=\"\" size=\"40\" class=\"wpcf7-form-control wpcf7-text wpcf7-validates-as-required\" aria-required=\"true\" aria-invalid=\"false\" placeholder=\"Wpisz imi\u0119...\" \/><\/span><br \/>\n<\/label>\n    <\/div>\n<div>\n<label> Nazwisko<br \/>\n<span class=\"wpcf7-form-control-wrap nazwisko\"><input type=\"text\" name=\"nazwisko\" value=\"\" size=\"40\" class=\"wpcf7-form-control wpcf7-text\" aria-invalid=\"false\" placeholder=\"Wpisz nazwisko...\" \/><\/span><br \/>\n<\/label>\n    <\/div>\n<div>\n<label> Phone number<br \/>\n<span class=\"wpcf7-form-control-wrap telefon\"><input type=\"tel\" name=\"telefon\" value=\"\" size=\"40\" class=\"wpcf7-form-control wpcf7-text wpcf7-tel wpcf7-validates-as-tel\" aria-invalid=\"false\" placeholder=\"Wpisz numer telefonu...\" \/><\/span><br \/>\n<\/label>\n    <\/div>\n<\/div>\n<p><span class=\"wpcf7-form-control-wrap acceptance-550\"><span class=\"wpcf7-form-control wpcf7-acceptance optional\"><span class=\"wpcf7-list-item\"><label><input type=\"checkbox\" name=\"acceptance-550\" value=\"1\" aria-invalid=\"false\" \/><span class=\"wpcf7-list-item-label\">I consent to the processing of my personal data in the scope provided in the above contact form, in order to prepare and send me a reply to my message<\/span><\/label><\/span><\/span><\/span><br \/>\n<input type=\"submit\" value=\"Send\" class=\"wpcf7-form-control has-spinner wpcf7-submit\" \/><\/p>\n<div class=\"wpcf7-response-output\" aria-hidden=\"true\"><\/div><input type=\"hidden\" name=\"trp-form-language\" value=\"en\"\/><\/form><\/div>\n<\/div>\n<\/div>\n<\/div><\/div>","protected":false},"excerpt":{"rendered":"<p>Nasza fundacja Opieka Plus skupia si\u0119 na pomocy dla os\u00f3b starszych oraz niepe\u0142nosprawnych, kt\u00f3re cz\u0119sto s\u0105 nara\u017cone na marginalizacj\u0119 i wykluczenie spo\u0142eczne. Oferujemy kompleksow\u0105 opiek\u0119 i wsparcie, aby poprawi\u0107 jako\u015b\u0107 \u017cycia tych grup w Polsce. Obecnie, w Polsce demografia ulega zmianom i coraz wi\u0119cej os\u00f3b przekracza wiek emerytalny, jednocze\u015bnie zwi\u0119ksza si\u0119 tak\u017ce liczba os\u00f3b z&#8230;<\/p>","protected":false},"author":1,"featured_media":0,"parent":0,"menu_order":0,"comment_status":"closed","ping_status":"closed","template":"","meta":{"ngg_post_thumbnail":0,"_kad_post_transparent":"","_kad_post_title":"","_kad_post_layout":"","_kad_post_sidebar_id":"","_kad_post_content_style":"","_kad_post_vertical_padding":"","_kad_post_feature":"","_kad_post_feature_position":"","_kad_post_header":false,"_kad_post_footer":false},"_links":{"self":[{"href":"https:\/\/opieka.plus\/en\/wp-json\/wp\/v2\/pages\/310"}],"collection":[{"href":"https:\/\/opieka.plus\/en\/wp-json\/wp\/v2\/pages"}],"about":[{"href":"https:\/\/opieka.plus\/en\/wp-json\/wp\/v2\/types\/page"}],"author":[{"embeddable":true,"href":"https:\/\/opieka.plus\/en\/wp-json\/wp\/v2\/users\/1"}],"replies":[{"embeddable":true,"href":"https:\/\/opieka.plus\/en\/wp-json\/wp\/v2\/comments?post=310"}],"version-history":[{"count":7,"href":"https:\/\/opieka.plus\/en\/wp-json\/wp\/v2\/pages\/310\/revisions"}],"predecessor-version":[{"id":691,"href":"https:\/\/opieka.plus\/en\/wp-json\/wp\/v2\/pages\/310\/revisions\/691"}],"wp:attachment":[{"href":"https:\/\/opieka.plus\/en\/wp-json\/wp\/v2\/media?parent=310"}],"curies":[{"name":"wp","href":"https:\/\/api.w.org\/{rel}","templated":true}]}}